{"id":85406,"date":"2017-11-20T16:51:11","date_gmt":"2017-11-20T16:51:11","guid":{"rendered":"http:\/\/sites.ecclesia.pt\/home\/?page_id=41"},"modified":"2025-07-11T09:59:32","modified_gmt":"2025-07-11T08:59:32","slug":"nacional","status":"publish","type":"page","link":"https:\/\/agencia.ecclesia.pt\/portal\/nacional\/","title":{"rendered":"NACIONAL"},"content":{"rendered":"\t\t<div data-elementor-type=\"wp-page\" data-elementor-id=\"85406\" class=\"elementor elementor-85406\">\n\t\t\t\t<div class=\"elementor-element elementor-element-d3eb532 e-flex e-con-boxed e-con e-parent\" data-id=\"d3eb532\" data-element_type=\"container\" data-e-type=\"container\">\n\t\t\t\t\t<div class=\"e-con-inner\">\n\t\t\t\t<div class=\"elementor-element elementor-element-35a6fe7 elementor-widget elementor-widget-heading\" data-id=\"35a6fe7\" data-element_type=\"widget\" data-e-type=\"widget\" data-widget_type=\"heading.default\">\n\t\t\t\t<div class=\"elementor-widget-container\">\n\t\t\t\t\t<h2 class=\"elementor-heading-title elementor-size-default\">NACIONAL<\/h2>\t\t\t\t<\/div>\n\t\t\t\t<\/div>\n\t\t\t\t<div class=\"elementor-element elementor-element-833f704 elementor-widget elementor-widget-shortcode\" data-id=\"833f704\" data-element_type=\"widget\" data-e-type=\"widget\" data-widget_type=\"shortcode.default\">\n\t\t\t\t<div class=\"elementor-widget-container\">\n\t\t\t\t\t\t\t<div class=\"elementor-shortcode\"><div class=\"pt-cv-wrapper\"><div class=\"pt-cv-view pt-cv-grid pt-cv-colsys pt-cv-pgloadmore\" id=\"pt-cv-view-45b2969qit\"><div data-id=\"pt-cv-page-1\" class=\"pt-cv-page\" data-cvc=\"4\"><div class=\"col-md-3 col-sm-6 col-xs-12 pt-cv-content-item pt-cv-1-col\" data-pid=\"440419\"><div class='pt-cv-ifield'><a href=\"https:\/\/agencia.ecclesia.pt\/portal\/events\/bens-culturais-curso-de-formacao-aborda-procedimentos-basicos-sobre-conservacao-preventiva-do-patrimonio\/\" class=\"_self pt-cv-href-thumbnail pt-cv-thumb-default cvplbd cvp-lazy-container cvp-responsive-image img-none\" target=\"_self\" data-iw=\"400\" data-ih=\"280\"><img fetchpriority=\"high\" decoding=\"async\" width=\"400\" height=\"267\" src=\"https:\/\/agencia.ecclesia.pt\/portal\/wp-content\/plugins\/pt-content-views-pro\/public\/assets\/images\/lazy_image.png\" class=\"pt-cv-thumbnail img-none skip-lazy  cvplazy\" alt=\"Bens Culturais: Curso de forma\u00e7\u00e3o aborda \u00abprocedimentos b\u00e1sicos\u00bb sobre conserva\u00e7\u00e3o preventiva do patrim\u00f3nio\" data-cvpsrc=\"https:\/\/agencia.ecclesia.pt\/portal\/wp-content\/uploads\/2026\/09\/Bens-Culturais-400x267.jpg\" data-cvpset=\"https:\/\/agencia.ecclesia.pt\/portal\/wp-content\/uploads\/2026\/09\/Bens-Culturais-400x267.jpg 400w, https:\/\/agencia.ecclesia.pt\/portal\/wp-content\/uploads\/2026\/09\/Bens-Culturais-1024x683.jpg 1024w, https:\/\/agencia.ecclesia.pt\/portal\/wp-content\/uploads\/2026\/09\/Bens-Culturais-768x512.jpg 768w, https:\/\/agencia.ecclesia.pt\/portal\/wp-content\/uploads\/2026\/09\/Bens-Culturais-391x260.jpg 391w, https:\/\/agencia.ecclesia.pt\/portal\/wp-content\/uploads\/2026\/09\/Bens-Culturais.jpg 1200w\" \/><\/a>\n<h5 class=\"pt-cv-title\"><a href=\"https:\/\/agencia.ecclesia.pt\/portal\/events\/bens-culturais-curso-de-formacao-aborda-procedimentos-basicos-sobre-conservacao-preventiva-do-patrimonio\/\" class=\"_self cvplbd\" target=\"_self\" data-iw=\"400\" data-ih=\"280\">Bens Culturais: Curso de forma\u00e7\u00e3o aborda \u00abprocedimentos b\u00e1sicos\u00bb sobre conserva\u00e7\u00e3o preventiva do patrim\u00f3nio<\/a><\/h5>\n<div class=\"pt-cv-meta-fields\"><span class=\"entry-date\"> <time datetime=\"2026-09-02T13:24:25+01:00\">2 Setembro, 2026 13:24<\/time><\/span><\/div><\/div><\/div>\n<div class=\"col-md-3 col-sm-6 col-xs-12 pt-cv-content-item pt-cv-1-col\" data-pid=\"440367\"><div class='pt-cv-ifield'><a href=\"https:\/\/agencia.ecclesia.pt\/portal\/jesuitas-casa-da-torre-oferece-pastoral-de-fronteira-e-exercicios-espirituais-inacianos-em-soutelo\/\" class=\"_self pt-cv-href-thumbnail pt-cv-thumb-default cvplbd cvp-lazy-container cvp-responsive-image img-none\" target=\"_self\" data-iw=\"400\" data-ih=\"280\"><img decoding=\"async\" width=\"400\" height=\"267\" src=\"https:\/\/agencia.ecclesia.pt\/portal\/wp-content\/plugins\/pt-content-views-pro\/public\/assets\/images\/lazy_image.png\" class=\"pt-cv-thumbnail img-none skip-lazy  cvplazy\" alt=\"Jesu\u00edtas: Casa da Torre oferece \u00abpastoral de fronteira\u00bb e exerc\u00edcios espirituais inacianos em Soutelo\" data-cvpsrc=\"https:\/\/agencia.ecclesia.pt\/portal\/wp-content\/uploads\/2026\/09\/soutelo_jesuitas_HM-2-400x267.jpg\" data-cvpset=\"https:\/\/agencia.ecclesia.pt\/portal\/wp-content\/uploads\/2026\/09\/soutelo_jesuitas_HM-2-400x267.jpg 400w, https:\/\/agencia.ecclesia.pt\/portal\/wp-content\/uploads\/2026\/09\/soutelo_jesuitas_HM-2-1024x683.jpg 1024w, https:\/\/agencia.ecclesia.pt\/portal\/wp-content\/uploads\/2026\/09\/soutelo_jesuitas_HM-2-768x512.jpg 768w, https:\/\/agencia.ecclesia.pt\/portal\/wp-content\/uploads\/2026\/09\/soutelo_jesuitas_HM-2-391x260.jpg 391w, https:\/\/agencia.ecclesia.pt\/portal\/wp-content\/uploads\/2026\/09\/soutelo_jesuitas_HM-2-1536x1024.jpg 1536w, https:\/\/agencia.ecclesia.pt\/portal\/wp-content\/uploads\/2026\/09\/soutelo_jesuitas_HM-2.jpg 1920w\" \/><\/a>\n<h5 class=\"pt-cv-title\"><a href=\"https:\/\/agencia.ecclesia.pt\/portal\/jesuitas-casa-da-torre-oferece-pastoral-de-fronteira-e-exercicios-espirituais-inacianos-em-soutelo\/\" class=\"_self cvplbd\" target=\"_self\" data-iw=\"400\" data-ih=\"280\">Jesu\u00edtas: Casa da Torre oferece \u00abpastoral de fronteira\u00bb e exerc\u00edcios espirituais inacianos em Soutelo<\/a><\/h5>\n<div class=\"pt-cv-meta-fields\"><span class=\"entry-date\"> <time datetime=\"2026-09-01T15:41:57+01:00\">1 Setembro, 2026 15:41<\/time><\/span><\/div><\/div><\/div>\n<div class=\"col-md-3 col-sm-6 col-xs-12 pt-cv-content-item pt-cv-1-col\" data-pid=\"440352\"><div class='pt-cv-ifield'><a href=\"https:\/\/agencia.ecclesia.pt\/portal\/braganca-miranda-bispo-diocesano-convida-sacerdotes-e-diaconos-a-fazer-um-plano-individual-de-formacao\/\" class=\"_self pt-cv-href-thumbnail pt-cv-thumb-default cvplbd cvp-lazy-container cvp-responsive-image img-none\" target=\"_self\" data-iw=\"400\" data-ih=\"280\"><img decoding=\"async\" width=\"400\" height=\"267\" src=\"https:\/\/agencia.ecclesia.pt\/portal\/wp-content\/plugins\/pt-content-views-pro\/public\/assets\/images\/lazy_image.png\" class=\"pt-cv-thumbnail img-none skip-lazy  cvplazy\" alt=\"Bragan\u00e7a-Miranda: Bispo diocesano convida sacerdotes e di\u00e1conos a fazer um \u201cplano individual de forma\u00e7\u00e3o\u201d\" data-cvpsrc=\"https:\/\/agencia.ecclesia.pt\/portal\/wp-content\/uploads\/2025\/07\/Paroquia-de-S.-Maria-Braganca--400x267.jpg\" data-cvpset=\"https:\/\/agencia.ecclesia.pt\/portal\/wp-content\/uploads\/2025\/07\/Paroquia-de-S.-Maria-Braganca--400x267.jpg 400w, https:\/\/agencia.ecclesia.pt\/portal\/wp-content\/uploads\/2025\/07\/Paroquia-de-S.-Maria-Braganca--768x512.jpg 768w, https:\/\/agencia.ecclesia.pt\/portal\/wp-content\/uploads\/2025\/07\/Paroquia-de-S.-Maria-Braganca--391x260.jpg 391w, https:\/\/agencia.ecclesia.pt\/portal\/wp-content\/uploads\/2025\/07\/Paroquia-de-S.-Maria-Braganca-.jpg 960w\" \/><\/a>\n<h5 class=\"pt-cv-title\"><a href=\"https:\/\/agencia.ecclesia.pt\/portal\/braganca-miranda-bispo-diocesano-convida-sacerdotes-e-diaconos-a-fazer-um-plano-individual-de-formacao\/\" class=\"_self cvplbd\" target=\"_self\" data-iw=\"400\" data-ih=\"280\">Bragan\u00e7a-Miranda: Bispo diocesano convida sacerdotes e di\u00e1conos a fazer um \u201cplano individual de forma\u00e7\u00e3o\u201d<\/a><\/h5>\n<div class=\"pt-cv-meta-fields\"><span class=\"entry-date\"> <time datetime=\"2026-09-01T13:36:10+01:00\">1 Setembro, 2026 13:36<\/time><\/span><\/div><\/div><\/div>\n<div class=\"col-md-3 col-sm-6 col-xs-12 pt-cv-content-item pt-cv-1-col\" data-pid=\"440343\"><div class='pt-cv-ifield'><a href=\"https:\/\/agencia.ecclesia.pt\/portal\/igreja-acores-bispo-de-aveiro-apela-a-proximidade-com-os-que-sofrem\/\" class=\"_self pt-cv-href-thumbnail pt-cv-thumb-default cvplbd cvp-lazy-container cvp-responsive-image img-none\" target=\"_self\" data-iw=\"400\" data-ih=\"280\"><img loading=\"lazy\" decoding=\"async\" width=\"400\" height=\"202\" src=\"https:\/\/agencia.ecclesia.pt\/portal\/wp-content\/plugins\/pt-content-views-pro\/public\/assets\/images\/lazy_image.png\" class=\"pt-cv-thumbnail img-none skip-lazy  cvplazy\" alt=\"Igreja\/A\u00e7ores: Bispo de Aveiro apela \u00e0 proximidade com os que sofrem\" data-cvpsrc=\"https:\/\/agencia.ecclesia.pt\/portal\/wp-content\/uploads\/2026\/09\/Missa_senhor-da-Pedra_26-e1788085416872-1024x517-1-400x202.jpg\" data-cvpset=\"https:\/\/agencia.ecclesia.pt\/portal\/wp-content\/uploads\/2026\/09\/Missa_senhor-da-Pedra_26-e1788085416872-1024x517-1-400x202.jpg 400w, https:\/\/agencia.ecclesia.pt\/portal\/wp-content\/uploads\/2026\/09\/Missa_senhor-da-Pedra_26-e1788085416872-1024x517-1-768x388.jpg 768w, https:\/\/agencia.ecclesia.pt\/portal\/wp-content\/uploads\/2026\/09\/Missa_senhor-da-Pedra_26-e1788085416872-1024x517-1.jpg 1024w\" \/><\/a>\n<h5 class=\"pt-cv-title\"><a href=\"https:\/\/agencia.ecclesia.pt\/portal\/igreja-acores-bispo-de-aveiro-apela-a-proximidade-com-os-que-sofrem\/\" class=\"_self cvplbd\" target=\"_self\" data-iw=\"400\" data-ih=\"280\">Igreja\/A\u00e7ores: Bispo de Aveiro apela \u00e0 proximidade com os que sofrem<\/a><\/h5>\n<div class=\"pt-cv-meta-fields\"><span class=\"entry-date\"> <time datetime=\"2026-09-01T13:00:15+01:00\">1 Setembro, 2026 13:00<\/time><\/span><\/div><\/div><\/div>\n<div class=\"col-md-3 col-sm-6 col-xs-12 pt-cv-content-item pt-cv-1-col\" data-pid=\"440333\"><div class='pt-cv-ifield'><a href=\"https:\/\/agencia.ecclesia.pt\/portal\/catequese-snec-lanca-referencial-para-a-infancia-centrado-no-encontro-com-jesus\/\" class=\"_self pt-cv-href-thumbnail pt-cv-thumb-default cvplbd cvp-lazy-container cvp-responsive-image img-none\" target=\"_self\" data-iw=\"400\" data-ih=\"280\"><img loading=\"lazy\" decoding=\"async\" width=\"400\" height=\"267\" src=\"https:\/\/agencia.ecclesia.pt\/portal\/wp-content\/plugins\/pt-content-views-pro\/public\/assets\/images\/lazy_image.png\" class=\"pt-cv-thumbnail img-none skip-lazy  cvplazy\" alt=\"Catequese: SNEC lan\u00e7a referencial para a inf\u00e2ncia, centrado no \u00abencontro com Jesus\u00bb\" data-cvpsrc=\"https:\/\/agencia.ecclesia.pt\/portal\/wp-content\/uploads\/2026\/09\/ser-amigo-de-jesus-1-400x267.jpg\" data-cvpset=\"https:\/\/agencia.ecclesia.pt\/portal\/wp-content\/uploads\/2026\/09\/ser-amigo-de-jesus-1-400x267.jpg 400w, https:\/\/agencia.ecclesia.pt\/portal\/wp-content\/uploads\/2026\/09\/ser-amigo-de-jesus-1-1024x683.jpg 1024w, https:\/\/agencia.ecclesia.pt\/portal\/wp-content\/uploads\/2026\/09\/ser-amigo-de-jesus-1-768x512.jpg 768w, https:\/\/agencia.ecclesia.pt\/portal\/wp-content\/uploads\/2026\/09\/ser-amigo-de-jesus-1-391x260.jpg 391w, https:\/\/agencia.ecclesia.pt\/portal\/wp-content\/uploads\/2026\/09\/ser-amigo-de-jesus-1.jpg 1500w\" \/><\/a>\n<h5 class=\"pt-cv-title\"><a href=\"https:\/\/agencia.ecclesia.pt\/portal\/catequese-snec-lanca-referencial-para-a-infancia-centrado-no-encontro-com-jesus\/\" class=\"_self cvplbd\" target=\"_self\" data-iw=\"400\" data-ih=\"280\">Catequese: SNEC lan\u00e7a referencial para a inf\u00e2ncia, centrado no \u00abencontro com Jesus\u00bb<\/a><\/h5>\n<div class=\"pt-cv-meta-fields\"><span class=\"entry-date\"> <time datetime=\"2026-09-01T11:22:54+01:00\">1 Setembro, 2026 11:22<\/time><\/span><\/div><\/div><\/div>\n<div class=\"col-md-3 col-sm-6 col-xs-12 pt-cv-content-item pt-cv-1-col\" data-pid=\"439359\"><div class='pt-cv-ifield'><a href=\"https:\/\/agencia.ecclesia.pt\/portal\/events\/sinodo-diocese-do-porto-vai-realizar-encontros-vicariais\/\" class=\"_self pt-cv-href-thumbnail pt-cv-thumb-default cvplbd cvp-lazy-container cvp-responsive-image img-none\" target=\"_self\" data-iw=\"400\" data-ih=\"280\"><img loading=\"lazy\" decoding=\"async\" width=\"390\" height=\"260\" src=\"https:\/\/agencia.ecclesia.pt\/portal\/wp-content\/plugins\/pt-content-views-pro\/public\/assets\/images\/lazy_image.png\" class=\"pt-cv-thumbnail img-none skip-lazy  cvplazy\" alt=\"S\u00ednodo: Diocese do Porto vai realizar encontros vicariais\" data-cvpsrc=\"https:\/\/agencia.ecclesia.pt\/portal\/wp-content\/uploads\/2024\/05\/Cidade-do-Porto-390x260.jpg\" data-cvpset=\"https:\/\/agencia.ecclesia.pt\/portal\/wp-content\/uploads\/2024\/05\/Cidade-do-Porto-390x260.jpg 390w, https:\/\/agencia.ecclesia.pt\/portal\/wp-content\/uploads\/2024\/05\/Cidade-do-Porto-1024x683.jpg 1024w, https:\/\/agencia.ecclesia.pt\/portal\/wp-content\/uploads\/2024\/05\/Cidade-do-Porto-768x512.jpg 768w, https:\/\/agencia.ecclesia.pt\/portal\/wp-content\/uploads\/2024\/05\/Cidade-do-Porto-391x260.jpg 391w, https:\/\/agencia.ecclesia.pt\/portal\/wp-content\/uploads\/2024\/05\/Cidade-do-Porto.jpg 1500w\" \/><\/a>\n<h5 class=\"pt-cv-title\"><a href=\"https:\/\/agencia.ecclesia.pt\/portal\/events\/sinodo-diocese-do-porto-vai-realizar-encontros-vicariais\/\" class=\"_self cvplbd\" target=\"_self\" data-iw=\"400\" data-ih=\"280\">S\u00ednodo: Diocese do Porto vai realizar encontros vicariais<\/a><\/h5>\n<div class=\"pt-cv-meta-fields\"><span class=\"entry-date\"> <time datetime=\"2026-09-01T09:02:39+01:00\">1 Setembro, 2026 9:02<\/time><\/span><\/div><\/div><\/div>\n<div class=\"col-md-3 col-sm-6 col-xs-12 pt-cv-content-item pt-cv-1-col\" data-pid=\"439000\"><div class='pt-cv-ifield'><a href=\"https:\/\/agencia.ecclesia.pt\/portal\/igreja-portugal-comissao-da-biblia-apresenta-nova-traducao-do-livro-de-tobias\/\" class=\"_self pt-cv-href-thumbnail pt-cv-thumb-default cvplbd cvp-lazy-container cvp-responsive-image img-none\" target=\"_self\" data-iw=\"400\" data-ih=\"280\"><img loading=\"lazy\" decoding=\"async\" width=\"400\" height=\"225\" src=\"https:\/\/agencia.ecclesia.pt\/portal\/wp-content\/plugins\/pt-content-views-pro\/public\/assets\/images\/lazy_image.png\" class=\"pt-cv-thumbnail img-none skip-lazy  cvplazy\" alt=\"Igreja\/Portugal: Comiss\u00e3o da B\u00edblia apresenta nova tradu\u00e7\u00e3o do Livro de Tobias\" data-cvpsrc=\"https:\/\/agencia.ecclesia.pt\/portal\/wp-content\/uploads\/2026\/08\/CEP_Biblia_Livro-Tobias-400x225.jpg\" data-cvpset=\"https:\/\/agencia.ecclesia.pt\/portal\/wp-content\/uploads\/2026\/08\/CEP_Biblia_Livro-Tobias-400x225.jpg 400w, https:\/\/agencia.ecclesia.pt\/portal\/wp-content\/uploads\/2026\/08\/CEP_Biblia_Livro-Tobias-1024x577.jpg 1024w, https:\/\/agencia.ecclesia.pt\/portal\/wp-content\/uploads\/2026\/08\/CEP_Biblia_Livro-Tobias-768x433.jpg 768w, https:\/\/agencia.ecclesia.pt\/portal\/wp-content\/uploads\/2026\/08\/CEP_Biblia_Livro-Tobias.jpg 1440w\" \/><\/a>\n<h5 class=\"pt-cv-title\"><a href=\"https:\/\/agencia.ecclesia.pt\/portal\/igreja-portugal-comissao-da-biblia-apresenta-nova-traducao-do-livro-de-tobias\/\" class=\"_self cvplbd\" target=\"_self\" data-iw=\"400\" data-ih=\"280\">Igreja\/Portugal: Comiss\u00e3o da B\u00edblia apresenta nova tradu\u00e7\u00e3o do Livro de Tobias<\/a><\/h5>\n<div class=\"pt-cv-meta-fields\"><span class=\"entry-date\"> <time datetime=\"2026-09-01T09:01:46+01:00\">1 Setembro, 2026 9:01<\/time><\/span><\/div><\/div><\/div>\n<div class=\"col-md-3 col-sm-6 col-xs-12 pt-cv-content-item pt-cv-1-col\" data-pid=\"440293\"><div class='pt-cv-ifield'><a href=\"https:\/\/agencia.ecclesia.pt\/portal\/xi-simposio-do-clero-as-comunidades-tem-de-ser-lugares-saudaveis-e-seguros-para-todos-afirmou-d-virgilio-antunes\/\" class=\"_self pt-cv-href-thumbnail pt-cv-thumb-default cvplbd cvp-lazy-container cvp-responsive-image img-none\" target=\"_self\" data-iw=\"400\" data-ih=\"280\"><img loading=\"lazy\" decoding=\"async\" width=\"400\" height=\"267\" src=\"https:\/\/agencia.ecclesia.pt\/portal\/wp-content\/plugins\/pt-content-views-pro\/public\/assets\/images\/lazy_image.png\" class=\"pt-cv-thumbnail img-none skip-lazy  cvplazy\" alt=\"XI Simp\u00f3sio do Clero: As comunidades t\u00eam de ser \u00ablugares saud\u00e1veis e seguros para todos\u00bb, afirmou D. Virg\u00edlio Antunes\" data-cvpsrc=\"https:\/\/agencia.ecclesia.pt\/portal\/wp-content\/uploads\/2026\/01\/Virgilio-Antunes-400x267.jpg\" data-cvpset=\"https:\/\/agencia.ecclesia.pt\/portal\/wp-content\/uploads\/2026\/01\/Virgilio-Antunes-400x267.jpg 400w, https:\/\/agencia.ecclesia.pt\/portal\/wp-content\/uploads\/2026\/01\/Virgilio-Antunes-1024x683.jpg 1024w, https:\/\/agencia.ecclesia.pt\/portal\/wp-content\/uploads\/2026\/01\/Virgilio-Antunes-768x512.jpg 768w, https:\/\/agencia.ecclesia.pt\/portal\/wp-content\/uploads\/2026\/01\/Virgilio-Antunes-391x260.jpg 391w, https:\/\/agencia.ecclesia.pt\/portal\/wp-content\/uploads\/2026\/01\/Virgilio-Antunes.jpg 1200w\" \/><\/a>\n<h5 class=\"pt-cv-title\"><a href=\"https:\/\/agencia.ecclesia.pt\/portal\/xi-simposio-do-clero-as-comunidades-tem-de-ser-lugares-saudaveis-e-seguros-para-todos-afirmou-d-virgilio-antunes\/\" class=\"_self cvplbd\" target=\"_self\" data-iw=\"400\" data-ih=\"280\">XI Simp\u00f3sio do Clero: As comunidades t\u00eam de ser \u00ablugares saud\u00e1veis e seguros para todos\u00bb, afirmou D. Virg\u00edlio Antunes<\/a><\/h5>\n<div class=\"pt-cv-meta-fields\"><span class=\"entry-date\"> <time datetime=\"2026-08-31T17:52:11+01:00\">31 Agosto, 2026 17:52<\/time><\/span><\/div><\/div><\/div>\n<div class=\"col-md-3 col-sm-6 col-xs-12 pt-cv-content-item pt-cv-1-col\" data-pid=\"440270\"><div class='pt-cv-ifield'><a href=\"https:\/\/agencia.ecclesia.pt\/portal\/xi-simposio-do-clero-leao-xiv-envia-mensagem-aos-sacerdotes-de-portugal-e-pede-que-rejeitem-entusiasmos-ingenuos-e-medos-estereis\/\" class=\"_self pt-cv-href-thumbnail pt-cv-thumb-default cvplbd cvp-lazy-container cvp-responsive-image img-none\" target=\"_self\" data-iw=\"400\" data-ih=\"280\"><img loading=\"lazy\" decoding=\"async\" width=\"400\" height=\"267\" src=\"https:\/\/agencia.ecclesia.pt\/portal\/wp-content\/plugins\/pt-content-views-pro\/public\/assets\/images\/lazy_image.png\" class=\"pt-cv-thumbnail img-none skip-lazy  cvplazy\" alt=\"XI Simp\u00f3sio do Clero: Le\u00e3o XIV envia mensagem aos sacerdotes de Portugal e pede que rejeitem \u00abentusiasmos ing\u00e9nuos\u00bb e \u00abmedos est\u00e9reis\u00bb\" data-cvpsrc=\"https:\/\/agencia.ecclesia.pt\/portal\/wp-content\/uploads\/2026\/08\/XI-Simposio-do-Clero_4721-400x267.jpg\" data-cvpset=\"https:\/\/agencia.ecclesia.pt\/portal\/wp-content\/uploads\/2026\/08\/XI-Simposio-do-Clero_4721-400x267.jpg 400w, https:\/\/agencia.ecclesia.pt\/portal\/wp-content\/uploads\/2026\/08\/XI-Simposio-do-Clero_4721-1024x683.jpg 1024w, https:\/\/agencia.ecclesia.pt\/portal\/wp-content\/uploads\/2026\/08\/XI-Simposio-do-Clero_4721-768x512.jpg 768w, https:\/\/agencia.ecclesia.pt\/portal\/wp-content\/uploads\/2026\/08\/XI-Simposio-do-Clero_4721-391x260.jpg 391w, https:\/\/agencia.ecclesia.pt\/portal\/wp-content\/uploads\/2026\/08\/XI-Simposio-do-Clero_4721.jpg 1200w\" \/><\/a>\n<h5 class=\"pt-cv-title\"><a href=\"https:\/\/agencia.ecclesia.pt\/portal\/xi-simposio-do-clero-leao-xiv-envia-mensagem-aos-sacerdotes-de-portugal-e-pede-que-rejeitem-entusiasmos-ingenuos-e-medos-estereis\/\" class=\"_self cvplbd\" target=\"_self\" data-iw=\"400\" data-ih=\"280\">XI Simp\u00f3sio do Clero: Le\u00e3o XIV envia mensagem aos sacerdotes de Portugal e pede que rejeitem \u00abentusiasmos ing\u00e9nuos\u00bb e \u00abmedos est\u00e9reis\u00bb<\/a><\/h5>\n<div class=\"pt-cv-meta-fields\"><span class=\"entry-date\"> <time datetime=\"2026-08-31T17:47:53+01:00\">31 Agosto, 2026 17:47<\/time><\/span><\/div><\/div><\/div>\n<div class=\"col-md-3 col-sm-6 col-xs-12 pt-cv-content-item pt-cv-1-col\" data-pid=\"440259\"><div class='pt-cv-ifield'><a href=\"https:\/\/agencia.ecclesia.pt\/portal\/ecologia-responsaveis-catolicos-apelam-a-vida-mais-frugal-e-recusam-economia-de-guerra\/\" class=\"_self pt-cv-href-thumbnail pt-cv-thumb-default cvplbd cvp-lazy-container cvp-responsive-image img-none\" target=\"_self\" data-iw=\"400\" data-ih=\"280\"><img loading=\"lazy\" decoding=\"async\" width=\"400\" height=\"225\" src=\"https:\/\/agencia.ecclesia.pt\/portal\/wp-content\/plugins\/pt-content-views-pro\/public\/assets\/images\/lazy_image.png\" class=\"pt-cv-thumbnail img-none skip-lazy  cvplazy\" alt=\"Ecologia: Respons\u00e1veis cat\u00f3licos apelam a vida \u00abmais frugal\u00bb e recusam economia de guerra\" data-cvpsrc=\"https:\/\/agencia.ecclesia.pt\/portal\/wp-content\/uploads\/2026\/08\/weevinz-cascade-2897984_1920-400x225.jpg\" data-cvpset=\"https:\/\/agencia.ecclesia.pt\/portal\/wp-content\/uploads\/2026\/08\/weevinz-cascade-2897984_1920-400x225.jpg 400w, https:\/\/agencia.ecclesia.pt\/portal\/wp-content\/uploads\/2026\/08\/weevinz-cascade-2897984_1920-1024x576.jpg 1024w, https:\/\/agencia.ecclesia.pt\/portal\/wp-content\/uploads\/2026\/08\/weevinz-cascade-2897984_1920-768x432.jpg 768w, https:\/\/agencia.ecclesia.pt\/portal\/wp-content\/uploads\/2026\/08\/weevinz-cascade-2897984_1920-1536x864.jpg 1536w, https:\/\/agencia.ecclesia.pt\/portal\/wp-content\/uploads\/2026\/08\/weevinz-cascade-2897984_1920.jpg 1792w\" \/><\/a>\n<h5 class=\"pt-cv-title\"><a href=\"https:\/\/agencia.ecclesia.pt\/portal\/ecologia-responsaveis-catolicos-apelam-a-vida-mais-frugal-e-recusam-economia-de-guerra\/\" class=\"_self cvplbd\" target=\"_self\" data-iw=\"400\" data-ih=\"280\">Ecologia: Respons\u00e1veis cat\u00f3licos apelam a vida \u00abmais frugal\u00bb e recusam economia de guerra<\/a><\/h5>\n<div class=\"pt-cv-meta-fields\"><span class=\"entry-date\"> <time datetime=\"2026-08-31T15:02:31+01:00\">31 Agosto, 2026 15:02<\/time><\/span><\/div><\/div><\/div>\n<div class=\"col-md-3 col-sm-6 col-xs-12 pt-cv-content-item pt-cv-1-col\" data-pid=\"440251\"><div class='pt-cv-ifield'><a href=\"https:\/\/agencia.ecclesia.pt\/portal\/publicacoes-ecologia-digital-desafia-a-pensar-a-tecnologia-para-la-da-inteligencia-artificial\/\" class=\"_self pt-cv-href-thumbnail pt-cv-thumb-default cvplbd cvp-lazy-container cvp-responsive-image img-none\" target=\"_self\" data-iw=\"400\" data-ih=\"280\"><img loading=\"lazy\" decoding=\"async\" width=\"400\" height=\"267\" src=\"https:\/\/agencia.ecclesia.pt\/portal\/wp-content\/plugins\/pt-content-views-pro\/public\/assets\/images\/lazy_image.png\" class=\"pt-cv-thumbnail img-none skip-lazy  cvplazy\" alt=\"Publica\u00e7\u00f5es: \u00abEcologia Digital\u00bb desafia a pensar a tecnologia para l\u00e1 da Intelig\u00eancia Artificial\" data-cvpsrc=\"https:\/\/agencia.ecclesia.pt\/portal\/wp-content\/uploads\/2026\/08\/9789725412275-page-001-400x267.jpg\" data-cvpset=\"https:\/\/agencia.ecclesia.pt\/portal\/wp-content\/uploads\/2026\/08\/9789725412275-page-001-400x267.jpg 400w, https:\/\/agencia.ecclesia.pt\/portal\/wp-content\/uploads\/2026\/08\/9789725412275-page-001-1024x683.jpg 1024w, https:\/\/agencia.ecclesia.pt\/portal\/wp-content\/uploads\/2026\/08\/9789725412275-page-001-768x512.jpg 768w, https:\/\/agencia.ecclesia.pt\/portal\/wp-content\/uploads\/2026\/08\/9789725412275-page-001-391x260.jpg 391w, https:\/\/agencia.ecclesia.pt\/portal\/wp-content\/uploads\/2026\/08\/9789725412275-page-001-1536x1024.jpg 1536w, https:\/\/agencia.ecclesia.pt\/portal\/wp-content\/uploads\/2026\/08\/9789725412275-page-001.jpg 1890w\" \/><\/a>\n<h5 class=\"pt-cv-title\"><a href=\"https:\/\/agencia.ecclesia.pt\/portal\/publicacoes-ecologia-digital-desafia-a-pensar-a-tecnologia-para-la-da-inteligencia-artificial\/\" class=\"_self cvplbd\" target=\"_self\" data-iw=\"400\" data-ih=\"280\">Publica\u00e7\u00f5es: \u00abEcologia Digital\u00bb desafia a pensar a tecnologia para l\u00e1 da Intelig\u00eancia Artificial<\/a><\/h5>\n<div class=\"pt-cv-meta-fields\"><span class=\"entry-date\"> <time datetime=\"2026-08-31T12:45:22+01:00\">31 Agosto, 2026 12:45<\/time><\/span><\/div><\/div><\/div>\n<div class=\"col-md-3 col-sm-6 col-xs-12 pt-cv-content-item pt-cv-1-col\" data-pid=\"440242\"><div class='pt-cv-ifield'><a href=\"https:\/\/agencia.ecclesia.pt\/portal\/fatima-santuario-regista-aumento-de-participantes-na-bencao-dos-veiculos\/\" class=\"_self pt-cv-href-thumbnail pt-cv-thumb-default cvplbd cvp-lazy-container cvp-responsive-image img-none\" target=\"_self\" data-iw=\"400\" data-ih=\"280\"><img loading=\"lazy\" decoding=\"async\" width=\"400\" height=\"225\" src=\"https:\/\/agencia.ecclesia.pt\/portal\/wp-content\/plugins\/pt-content-views-pro\/public\/assets\/images\/lazy_image.png\" class=\"pt-cv-thumbnail img-none skip-lazy  cvplazy\" alt=\"F\u00e1tima: Santu\u00e1rio regista aumento de participantes na \u00abB\u00ean\u00e7\u00e3o dos Ve\u00edculos\u00bb\" data-cvpsrc=\"https:\/\/agencia.ecclesia.pt\/portal\/wp-content\/uploads\/2026\/08\/2026-08-31bencaoveiculos_fatima_pt2-400x225.jpg\" data-cvpset=\"https:\/\/agencia.ecclesia.pt\/portal\/wp-content\/uploads\/2026\/08\/2026-08-31bencaoveiculos_fatima_pt2-400x225.jpg 400w, https:\/\/agencia.ecclesia.pt\/portal\/wp-content\/uploads\/2026\/08\/2026-08-31bencaoveiculos_fatima_pt2-1024x576.jpg 1024w, https:\/\/agencia.ecclesia.pt\/portal\/wp-content\/uploads\/2026\/08\/2026-08-31bencaoveiculos_fatima_pt2-768x432.jpg 768w, https:\/\/agencia.ecclesia.pt\/portal\/wp-content\/uploads\/2026\/08\/2026-08-31bencaoveiculos_fatima_pt2-1536x864.jpg 1536w, https:\/\/agencia.ecclesia.pt\/portal\/wp-content\/uploads\/2026\/08\/2026-08-31bencaoveiculos_fatima_pt2.jpg 1920w\" \/><\/a>\n<h5 class=\"pt-cv-title\"><a href=\"https:\/\/agencia.ecclesia.pt\/portal\/fatima-santuario-regista-aumento-de-participantes-na-bencao-dos-veiculos\/\" class=\"_self cvplbd\" target=\"_self\" data-iw=\"400\" data-ih=\"280\">F\u00e1tima: Santu\u00e1rio regista aumento de participantes na \u00abB\u00ean\u00e7\u00e3o dos Ve\u00edculos\u00bb<\/a><\/h5>\n<div class=\"pt-cv-meta-fields\"><span class=\"entry-date\"> <time datetime=\"2026-08-31T11:56:25+01:00\">31 Agosto, 2026 11:56<\/time><\/span><\/div><\/div><\/div>\n<div class=\"col-md-3 col-sm-6 col-xs-12 pt-cv-content-item pt-cv-1-col\" data-pid=\"440240\"><div class='pt-cv-ifield'><a href=\"https:\/\/agencia.ecclesia.pt\/portal\/events\/viseu-diocese-convoca-peregrinacao-a-fatima-e-inicia-bienio-pastoral-focado-na-escuta\/\" class=\"_self pt-cv-href-thumbnail pt-cv-thumb-default cvplbd cvp-lazy-container cvp-responsive-image img-none\" target=\"_self\" data-iw=\"400\" data-ih=\"280\"><img loading=\"lazy\" decoding=\"async\" width=\"372\" height=\"280\" src=\"https:\/\/agencia.ecclesia.pt\/portal\/wp-content\/plugins\/pt-content-views-pro\/public\/assets\/images\/lazy_image.png\" class=\"pt-cv-thumbnail img-none skip-lazy  cvplazy\" alt=\"Viseu: Diocese convoca peregrina\u00e7\u00e3o a F\u00e1tima e inicia bi\u00e9nio pastoral focado na escuta\" data-cvpsrc=\"https:\/\/agencia.ecclesia.pt\/portal\/wp-content\/uploads\/2026\/08\/Peregrinacao-2025_2-372x280.jpg\" data-cvpset=\"https:\/\/agencia.ecclesia.pt\/portal\/wp-content\/uploads\/2026\/08\/Peregrinacao-2025_2-372x280.jpg 372w, https:\/\/agencia.ecclesia.pt\/portal\/wp-content\/uploads\/2026\/08\/Peregrinacao-2025_2-1024x771.jpg 1024w, https:\/\/agencia.ecclesia.pt\/portal\/wp-content\/uploads\/2026\/08\/Peregrinacao-2025_2-768x578.jpg 768w, https:\/\/agencia.ecclesia.pt\/portal\/wp-content\/uploads\/2026\/08\/Peregrinacao-2025_2-1536x1157.jpg 1536w, https:\/\/agencia.ecclesia.pt\/portal\/wp-content\/uploads\/2026\/08\/Peregrinacao-2025_2.jpg 1920w\" \/><\/a>\n<h5 class=\"pt-cv-title\"><a href=\"https:\/\/agencia.ecclesia.pt\/portal\/events\/viseu-diocese-convoca-peregrinacao-a-fatima-e-inicia-bienio-pastoral-focado-na-escuta\/\" class=\"_self cvplbd\" target=\"_self\" data-iw=\"400\" data-ih=\"280\">Viseu: Diocese convoca peregrina\u00e7\u00e3o a F\u00e1tima e inicia bi\u00e9nio pastoral focado na escuta<\/a><\/h5>\n<div class=\"pt-cv-meta-fields\"><span class=\"entry-date\"> <time datetime=\"2026-08-31T11:46:00+01:00\">31 Agosto, 2026 11:46<\/time><\/span><\/div><\/div><\/div>\n<div class=\"col-md-3 col-sm-6 col-xs-12 pt-cv-content-item pt-cv-1-col\" data-pid=\"440231\"><div class='pt-cv-ifield'><a href=\"https:\/\/agencia.ecclesia.pt\/portal\/pastoral-juvenil-departamento-nacional-desafia-animadores-a-sair-dos-lugares-habituais\/\" class=\"_self pt-cv-href-thumbnail pt-cv-thumb-default cvplbd cvp-lazy-container cvp-responsive-image img-none\" target=\"_self\" data-iw=\"400\" data-ih=\"280\"><img loading=\"lazy\" decoding=\"async\" width=\"400\" height=\"267\" src=\"https:\/\/agencia.ecclesia.pt\/portal\/wp-content\/plugins\/pt-content-views-pro\/public\/assets\/images\/lazy_image.png\" class=\"pt-cv-thumbnail img-none skip-lazy  cvplazy\" alt=\"Pastoral Juvenil: Departamento Nacional desafia animadores a sair dos \u00ablugares habituais\u00bb\" data-cvpsrc=\"https:\/\/agencia.ecclesia.pt\/portal\/wp-content\/uploads\/2026\/08\/Noticia-900x600px-400x267.jpg\" data-cvpset=\"https:\/\/agencia.ecclesia.pt\/portal\/wp-content\/uploads\/2026\/08\/Noticia-900x600px-400x267.jpg 400w, https:\/\/agencia.ecclesia.pt\/portal\/wp-content\/uploads\/2026\/08\/Noticia-900x600px-768x512.jpg 768w, https:\/\/agencia.ecclesia.pt\/portal\/wp-content\/uploads\/2026\/08\/Noticia-900x600px-391x260.jpg 391w, https:\/\/agencia.ecclesia.pt\/portal\/wp-content\/uploads\/2026\/08\/Noticia-900x600px.jpg 900w\" \/><\/a>\n<h5 class=\"pt-cv-title\"><a href=\"https:\/\/agencia.ecclesia.pt\/portal\/pastoral-juvenil-departamento-nacional-desafia-animadores-a-sair-dos-lugares-habituais\/\" class=\"_self cvplbd\" target=\"_self\" data-iw=\"400\" data-ih=\"280\">Pastoral Juvenil: Departamento Nacional desafia animadores a sair dos \u00ablugares habituais\u00bb<\/a><\/h5>\n<div class=\"pt-cv-meta-fields\"><span class=\"entry-date\"> <time datetime=\"2026-08-31T11:29:47+01:00\">31 Agosto, 2026 11:29<\/time><\/span><\/div><\/div><\/div>\n<div class=\"col-md-3 col-sm-6 col-xs-12 pt-cv-content-item pt-cv-1-col\" data-pid=\"440190\"><div class='pt-cv-ifield'><a href=\"https:\/\/agencia.ecclesia.pt\/portal\/fatima-irmaos-no-sacerdocio-e-testemunhas-do-evangelho-e-tema-para-o-simposio-do-clero\/\" class=\"_self pt-cv-href-thumbnail pt-cv-thumb-default cvplbd cvp-lazy-container cvp-responsive-image img-none\" target=\"_self\" data-iw=\"400\" data-ih=\"280\"><img loading=\"lazy\" decoding=\"async\" width=\"400\" height=\"267\" src=\"https:\/\/agencia.ecclesia.pt\/portal\/wp-content\/plugins\/pt-content-views-pro\/public\/assets\/images\/lazy_image.png\" class=\"pt-cv-thumbnail img-none skip-lazy  cvplazy\" alt=\"F\u00e1tima: \u00abIrm\u00e3os no sacerd\u00f3cio e testemunhas do Evangelho\u00bb \u00e9 tema para o Simp\u00f3sio do Clero\" data-cvpsrc=\"https:\/\/agencia.ecclesia.pt\/portal\/wp-content\/uploads\/2026\/07\/xi-simposio-clero-400x267.jpg\" data-cvpset=\"https:\/\/agencia.ecclesia.pt\/portal\/wp-content\/uploads\/2026\/07\/xi-simposio-clero-400x267.jpg 400w, https:\/\/agencia.ecclesia.pt\/portal\/wp-content\/uploads\/2026\/07\/xi-simposio-clero-768x512.jpg 768w, https:\/\/agencia.ecclesia.pt\/portal\/wp-content\/uploads\/2026\/07\/xi-simposio-clero-391x260.jpg 391w, https:\/\/agencia.ecclesia.pt\/portal\/wp-content\/uploads\/2026\/07\/xi-simposio-clero.jpg 900w\" \/><\/a>\n<h5 class=\"pt-cv-title\"><a href=\"https:\/\/agencia.ecclesia.pt\/portal\/fatima-irmaos-no-sacerdocio-e-testemunhas-do-evangelho-e-tema-para-o-simposio-do-clero\/\" class=\"_self cvplbd\" target=\"_self\" data-iw=\"400\" data-ih=\"280\">F\u00e1tima: \u00abIrm\u00e3os no sacerd\u00f3cio e testemunhas do Evangelho\u00bb \u00e9 tema para o Simp\u00f3sio do Clero<\/a><\/h5>\n<div class=\"pt-cv-meta-fields\"><span class=\"entry-date\"> <time datetime=\"2026-08-31T09:30:42+01:00\">31 Agosto, 2026 9:30<\/time><\/span><\/div><\/div><\/div>\n<div class=\"col-md-3 col-sm-6 col-xs-12 pt-cv-content-item pt-cv-1-col\" data-pid=\"440170\"><div class='pt-cv-ifield'><a href=\"https:\/\/agencia.ecclesia.pt\/portal\/lisboa-a-vossa-dor-toca-nos-afirmou-d-rui-valerio-a-comunidade-ucraniana\/\" class=\"_self pt-cv-href-thumbnail pt-cv-thumb-default cvplbd cvp-lazy-container cvp-responsive-image img-none\" target=\"_self\" data-iw=\"400\" data-ih=\"280\"><img loading=\"lazy\" decoding=\"async\" width=\"400\" height=\"267\" src=\"https:\/\/agencia.ecclesia.pt\/portal\/wp-content\/plugins\/pt-content-views-pro\/public\/assets\/images\/lazy_image.png\" class=\"pt-cv-thumbnail img-none skip-lazy  cvplazy\" alt=\"Lisboa: \u00abA vossa dor toca-nos\u00bb, afirmou D. Rui Val\u00e9rio \u00e0 comunidade ucraniana\" data-cvpsrc=\"https:\/\/agencia.ecclesia.pt\/portal\/wp-content\/uploads\/2026\/08\/Vigilia-Ucrania-4.png-400x267.jpeg\" data-cvpset=\"https:\/\/agencia.ecclesia.pt\/portal\/wp-content\/uploads\/2026\/08\/Vigilia-Ucrania-4.png-400x267.jpeg 400w, https:\/\/agencia.ecclesia.pt\/portal\/wp-content\/uploads\/2026\/08\/Vigilia-Ucrania-4.png-1024x683.jpeg 1024w, https:\/\/agencia.ecclesia.pt\/portal\/wp-content\/uploads\/2026\/08\/Vigilia-Ucrania-4.png-768x512.jpeg 768w, https:\/\/agencia.ecclesia.pt\/portal\/wp-content\/uploads\/2026\/08\/Vigilia-Ucrania-4.png-391x260.jpeg 391w, https:\/\/agencia.ecclesia.pt\/portal\/wp-content\/uploads\/2026\/08\/Vigilia-Ucrania-4.png-1536x1024.jpeg 1536w, https:\/\/agencia.ecclesia.pt\/portal\/wp-content\/uploads\/2026\/08\/Vigilia-Ucrania-4.png.jpeg 1750w\" \/><\/a>\n<h5 class=\"pt-cv-title\"><a href=\"https:\/\/agencia.ecclesia.pt\/portal\/lisboa-a-vossa-dor-toca-nos-afirmou-d-rui-valerio-a-comunidade-ucraniana\/\" class=\"_self cvplbd\" target=\"_self\" data-iw=\"400\" data-ih=\"280\">Lisboa: \u00abA vossa dor toca-nos\u00bb, afirmou D. Rui Val\u00e9rio \u00e0 comunidade ucraniana<\/a><\/h5>\n<div class=\"pt-cv-meta-fields\"><span class=\"entry-date\"> <time datetime=\"2026-08-30T17:59:22+01:00\">30 Agosto, 2026 17:59<\/time><\/span><\/div><\/div><\/div>\n<div class=\"col-md-3 col-sm-6 col-xs-12 pt-cv-content-item pt-cv-1-col\" data-pid=\"440105\"><div class='pt-cv-ifield'><a href=\"https:\/\/agencia.ecclesia.pt\/portal\/events\/lisboa-patriarca-preside-a-vigilia-pela-paz-na-ucrania\/\" class=\"_self pt-cv-href-thumbnail pt-cv-thumb-default cvplbd cvp-lazy-container cvp-responsive-image img-none\" target=\"_self\" data-iw=\"400\" data-ih=\"280\"><img loading=\"lazy\" decoding=\"async\" width=\"390\" height=\"260\" src=\"https:\/\/agencia.ecclesia.pt\/portal\/wp-content\/plugins\/pt-content-views-pro\/public\/assets\/images\/lazy_image.png\" class=\"pt-cv-thumbnail img-none skip-lazy  cvplazy\" alt=\"Lisboa: Patriarca preside a vig\u00edlia pela paz na Ucr\u00e2nia\" data-cvpsrc=\"https:\/\/agencia.ecclesia.pt\/portal\/wp-content\/uploads\/2023\/01\/medicos-catolicos-ucrania-390x260.jpg\" data-cvpset=\"https:\/\/agencia.ecclesia.pt\/portal\/wp-content\/uploads\/2023\/01\/medicos-catolicos-ucrania-390x260.jpg 390w, https:\/\/agencia.ecclesia.pt\/portal\/wp-content\/uploads\/2023\/01\/medicos-catolicos-ucrania-768x512.jpg 768w, https:\/\/agencia.ecclesia.pt\/portal\/wp-content\/uploads\/2023\/01\/medicos-catolicos-ucrania-391x260.jpg 391w, https:\/\/agencia.ecclesia.pt\/portal\/wp-content\/uploads\/2023\/01\/medicos-catolicos-ucrania-480x320.jpg 480w, https:\/\/agencia.ecclesia.pt\/portal\/wp-content\/uploads\/2023\/01\/medicos-catolicos-ucrania.jpg 900w\" \/><\/a>\n<h5 class=\"pt-cv-title\"><a href=\"https:\/\/agencia.ecclesia.pt\/portal\/events\/lisboa-patriarca-preside-a-vigilia-pela-paz-na-ucrania\/\" class=\"_self cvplbd\" target=\"_self\" data-iw=\"400\" data-ih=\"280\">Lisboa: Patriarca preside a vig\u00edlia pela paz na Ucr\u00e2nia<\/a><\/h5>\n<div class=\"pt-cv-meta-fields\"><span class=\"entry-date\"> <time datetime=\"2026-08-29T10:18:29+01:00\">29 Agosto, 2026 10:18<\/time><\/span><\/div><\/div><\/div>\n<div class=\"col-md-3 col-sm-6 col-xs-12 pt-cv-content-item pt-cv-1-col\" data-pid=\"440031\"><div class='pt-cv-ifield'><a href=\"https:\/\/agencia.ecclesia.pt\/portal\/liturgia-a-musica-liturgica-e-uma-musica-funcional-emanuel-pacheco\/\" class=\"_self pt-cv-href-thumbnail pt-cv-thumb-default cvplbd cvp-lazy-container cvp-responsive-image img-none\" target=\"_self\" data-iw=\"400\" data-ih=\"280\"><img loading=\"lazy\" decoding=\"async\" width=\"400\" height=\"267\" src=\"https:\/\/agencia.ecclesia.pt\/portal\/wp-content\/plugins\/pt-content-views-pro\/public\/assets\/images\/lazy_image.png\" class=\"pt-cv-thumbnail img-none skip-lazy  cvplazy\" alt=\"Liturgia: \u00abA m\u00fasica lit\u00fargica \u00e9 uma m\u00fasica funcional\u00bb - Emanuel Pacheco\" data-cvpsrc=\"https:\/\/agencia.ecclesia.pt\/portal\/wp-content\/uploads\/2026\/08\/Emanuel-Pacheco_Curso-Musica-Liturgica-400x267.jpg\" data-cvpset=\"https:\/\/agencia.ecclesia.pt\/portal\/wp-content\/uploads\/2026\/08\/Emanuel-Pacheco_Curso-Musica-Liturgica-400x267.jpg 400w, https:\/\/agencia.ecclesia.pt\/portal\/wp-content\/uploads\/2026\/08\/Emanuel-Pacheco_Curso-Musica-Liturgica-1024x683.jpg 1024w, https:\/\/agencia.ecclesia.pt\/portal\/wp-content\/uploads\/2026\/08\/Emanuel-Pacheco_Curso-Musica-Liturgica-768x512.jpg 768w, https:\/\/agencia.ecclesia.pt\/portal\/wp-content\/uploads\/2026\/08\/Emanuel-Pacheco_Curso-Musica-Liturgica-391x260.jpg 391w, https:\/\/agencia.ecclesia.pt\/portal\/wp-content\/uploads\/2026\/08\/Emanuel-Pacheco_Curso-Musica-Liturgica.jpg 1200w\" \/><\/a>\n<h5 class=\"pt-cv-title\"><a href=\"https:\/\/agencia.ecclesia.pt\/portal\/liturgia-a-musica-liturgica-e-uma-musica-funcional-emanuel-pacheco\/\" class=\"_self cvplbd\" target=\"_self\" data-iw=\"400\" data-ih=\"280\">Liturgia: \u00abA m\u00fasica lit\u00fargica \u00e9 uma m\u00fasica funcional\u00bb &#8211; Emanuel Pacheco<\/a><\/h5>\n<div class=\"pt-cv-meta-fields\"><span class=\"entry-date\"> <time datetime=\"2026-08-29T09:01:33+01:00\">29 Agosto, 2026 9:01<\/time><\/span><\/div><\/div><\/div>\n<div class=\"col-md-3 col-sm-6 col-xs-12 pt-cv-content-item pt-cv-1-col\" data-pid=\"439931\"><div class='pt-cv-ifield'><a href=\"https:\/\/agencia.ecclesia.pt\/portal\/cultura-chegar-a-cada-pessoa-para-que-faca-da-musica-um-canto-seu-e-o-objetivo-de-fernando-lapa\/\" class=\"_self pt-cv-href-thumbnail pt-cv-thumb-default cvplbd cvp-lazy-container cvp-responsive-image img-none\" target=\"_self\" data-iw=\"400\" data-ih=\"280\"><img loading=\"lazy\" decoding=\"async\" width=\"400\" height=\"267\" src=\"https:\/\/agencia.ecclesia.pt\/portal\/wp-content\/plugins\/pt-content-views-pro\/public\/assets\/images\/lazy_image.png\" class=\"pt-cv-thumbnail img-none skip-lazy  cvplazy\" alt=\"Cultura: Chegar a cada pessoa para que fa\u00e7a da m\u00fasica \u00abum canto seu\u00bb \u00e9 o objetivo de Fernando Lapa\" data-cvpsrc=\"https:\/\/agencia.ecclesia.pt\/portal\/wp-content\/uploads\/2026\/08\/Fernandio-Lapa_Curso-Musica-Liturgica_4713-400x267.jpg\" data-cvpset=\"https:\/\/agencia.ecclesia.pt\/portal\/wp-content\/uploads\/2026\/08\/Fernandio-Lapa_Curso-Musica-Liturgica_4713-400x267.jpg 400w, https:\/\/agencia.ecclesia.pt\/portal\/wp-content\/uploads\/2026\/08\/Fernandio-Lapa_Curso-Musica-Liturgica_4713-1024x683.jpg 1024w, https:\/\/agencia.ecclesia.pt\/portal\/wp-content\/uploads\/2026\/08\/Fernandio-Lapa_Curso-Musica-Liturgica_4713-768x512.jpg 768w, https:\/\/agencia.ecclesia.pt\/portal\/wp-content\/uploads\/2026\/08\/Fernandio-Lapa_Curso-Musica-Liturgica_4713-391x260.jpg 391w, https:\/\/agencia.ecclesia.pt\/portal\/wp-content\/uploads\/2026\/08\/Fernandio-Lapa_Curso-Musica-Liturgica_4713.jpg 1500w\" \/><\/a>\n<h5 class=\"pt-cv-title\"><a href=\"https:\/\/agencia.ecclesia.pt\/portal\/cultura-chegar-a-cada-pessoa-para-que-faca-da-musica-um-canto-seu-e-o-objetivo-de-fernando-lapa\/\" class=\"_self cvplbd\" target=\"_self\" data-iw=\"400\" data-ih=\"280\">Cultura: Chegar a cada pessoa para que fa\u00e7a da m\u00fasica \u00abum canto seu\u00bb \u00e9 o objetivo de Fernando Lapa<\/a><\/h5>\n<div class=\"pt-cv-meta-fields\"><span class=\"entry-date\"> <time datetime=\"2026-08-29T09:00:43+01:00\">29 Agosto, 2026 9:00<\/time><\/span><\/div><\/div><\/div>\n<div class=\"col-md-3 col-sm-6 col-xs-12 pt-cv-content-item pt-cv-1-col\" data-pid=\"439963\"><div class='pt-cv-ifield'><a href=\"https:\/\/agencia.ecclesia.pt\/portal\/especial-projetos-apoiados-pela-fundacao-jornada-vao-da-dependencia-dos-ecras-a-espiritualidade\/\" class=\"_self pt-cv-href-thumbnail pt-cv-thumb-default cvplbd cvp-lazy-container cvp-responsive-image img-none\" target=\"_self\" data-iw=\"400\" data-ih=\"280\"><img loading=\"lazy\" decoding=\"async\" width=\"400\" height=\"267\" src=\"https:\/\/agencia.ecclesia.pt\/portal\/wp-content\/plugins\/pt-content-views-pro\/public\/assets\/images\/lazy_image.png\" class=\"pt-cv-thumbnail img-none skip-lazy  cvplazy\" alt=\"Especial: Projetos apoiados pela Funda\u00e7\u00e3o Jornada v\u00e3o da depend\u00eancia dos ecr\u00e3s \u00e0 espiritualidade\" data-cvpsrc=\"https:\/\/agencia.ecclesia.pt\/portal\/wp-content\/uploads\/2026\/08\/Relatable5-400x267.jpg\" data-cvpset=\"https:\/\/agencia.ecclesia.pt\/portal\/wp-content\/uploads\/2026\/08\/Relatable5-400x267.jpg 400w, https:\/\/agencia.ecclesia.pt\/portal\/wp-content\/uploads\/2026\/08\/Relatable5-1024x684.jpg 1024w, https:\/\/agencia.ecclesia.pt\/portal\/wp-content\/uploads\/2026\/08\/Relatable5-768x513.jpg 768w, https:\/\/agencia.ecclesia.pt\/portal\/wp-content\/uploads\/2026\/08\/Relatable5-391x260.jpg 391w, https:\/\/agencia.ecclesia.pt\/portal\/wp-content\/uploads\/2026\/08\/Relatable5-1536x1026.jpg 1536w, https:\/\/agencia.ecclesia.pt\/portal\/wp-content\/uploads\/2026\/08\/Relatable5.jpg 1920w\" \/><\/a>\n<h5 class=\"pt-cv-title\"><a href=\"https:\/\/agencia.ecclesia.pt\/portal\/especial-projetos-apoiados-pela-fundacao-jornada-vao-da-dependencia-dos-ecras-a-espiritualidade\/\" class=\"_self cvplbd\" target=\"_self\" data-iw=\"400\" data-ih=\"280\">Especial: Projetos apoiados pela Funda\u00e7\u00e3o Jornada v\u00e3o da depend\u00eancia dos ecr\u00e3s \u00e0 espiritualidade<\/a><\/h5>\n<div class=\"pt-cv-meta-fields\"><span class=\"entry-date\"> <time datetime=\"2026-08-29T09:00:14+01:00\">29 Agosto, 2026 9:00<\/time><\/span><\/div><\/div><\/div><\/div><\/div>\n<div class=\"text-center pt-cv-pagination-wrapper\"><a href='https:\/\/agencia.ecclesia.pt\/portal\/wp-json\/wp\/v2\/pages\/85406\/?_page=2' onclick='event.preventDefault()' class=\"pt-cv-more btn btn-primary btn-sm\" data-totalpages=\"3434\" data-nextpages=\"2\" data-sid=\"45b2969qit\" data-unid=\"\" data-isblock=\"\" data-postid=\"\">MAIS NOT\u00cdCIAS <span class=\"caret\"><\/span><\/a><img loading=\"lazy\" decoding=\"async\" width=\"15\" height=\"15\" class=\"pt-cv-spinner\" alt=\"Loading...\" src=\"data:image\/gif;base64,R0lGODlhDwAPALMPAMrKygwMDJOTkz09PZWVla+vr3p6euTk5M7OzuXl5TMzMwAAAJmZmWZmZszMzP\/\/\/yH\/C05FVFNDQVBFMi4wAwEAAAAh+QQFCgAPACwAAAAADwAPAAAEQvDJaZaZOIcV8iQK8VRX4iTYoAwZ4iCYoAjZ4RxejhVNoT+mRGP4cyF4Pp0N98sBGIBMEMOotl6YZ3S61Bmbkm4mAgAh+QQFCgAPACwAAAAADQANAAAENPDJSRSZeA418itN8QiK8BiLITVsFiyBBIoYqnoewAD4xPw9iY4XLGYSjkQR4UAUD45DLwIAIfkEBQoADwAsAAAAAA8ACQAABC\/wyVlamTi3nSdgwFNdhEJgTJoNyoB9ISYoQmdjiZPcj7EYCAeCF1gEDo4Dz2eIAAAh+QQFCgAPACwCAAAADQANAAAEM\/DJBxiYeLKdX3IJZT1FU0iIg2RNKx3OkZVnZ98ToRD4MyiDnkAh6BkNC0MvsAj0kMpHBAAh+QQFCgAPACwGAAAACQAPAAAEMDC59KpFDll73HkAA2wVY5KgiK5b0RRoI6MuzG6EQqCDMlSGheEhUAgqgUUAFRySIgAh+QQFCgAPACwCAAIADQANAAAEM\/DJKZNLND\/kkKaHc3xk+QAMYDKsiaqmZCxGVjSFFCxB1vwy2oOgIDxuucxAMTAJFAJNBAAh+QQFCgAPACwAAAYADwAJAAAEMNAs86q1yaWwwv2Ig0jUZx3OYa4XoRAfwADXoAwfo1+CIjyFRuEho60aSNYlOPxEAAAh+QQFCgAPACwAAAIADQANAAAENPA9s4y8+IUVcqaWJ4qEQozSoAzoIyhCK2NFU2SJk0hNnyEOhKR2AzAAj4Pj4GE4W0bkJQIAOw==\" \/><div class=\"clear pt-cv-clear-pagination\"><\/div><\/div><\/div>\t\t\t\t\t\t<style type=\"text\/css\" id=\"pt-cv-inline-style-d1343d1n3t\">#pt-cv-view-45b2969qit .pt-cv-title a, #pt-cv-view-45b2969qit  .panel-title { font-weight: 600 !important; }\n#pt-cv-view-45b2969qit .pt-cv-readmore  { color: #ffffff !important; background-color: #00aeef !important; }\n#pt-cv-view-45b2969qit .pt-cv-readmore:hover  { color: #ffffff !important; background-color: #00aeef !important; }\n#pt-cv-view-45b2969qit  + .pt-cv-pagination-wrapper .pt-cv-more , #pt-cv-view-45b2969qit  + .pt-cv-pagination-wrapper .pagination .active a, .pt-cv-pagination[data-sid='45b2969qit'] .active a { color: #ffffff !important; background-color: #00aeef !important; }\n#pt-cv-view-45b2969qit .cvp-responsive-image[style*=\"background-image\"] { width: 400px; max-height: 280px; overflow: hidden; aspect-ratio: 1.4285714285714 }\n#pt-cv-view-45b2969qit .cvp-responsive-image img { max-width: 400px; max-height: 280px; aspect-ratio: 1.4285714285714 }<\/style>\r\n\t\t\t<\/div>\n\t\t\t\t\t\t<\/div>\n\t\t\t\t<\/div>\n\t\t\t\t\t<\/div>\n\t\t\t\t<\/div>\n\t\t\t\t<\/div>\n\t\t","protected":false},"excerpt":{"rendered":"<p>NACIONAL<\/p>\n","protected":false},"author":1,"featured_media":0,"parent":0,"menu_order":0,"comment_status":"closed","ping_status":"closed","template":"","meta":{"site-sidebar-layout":"no-sidebar","site-content-layout":"page-builder","ast-site-content-layout":"full-width-container","site-content-style":"default","site-sidebar-style":"default","ast-global-header-display":"","ast-banner-title-visibility":"","ast-main-header-display":"","ast-hfb-above-header-display":"","ast-hfb-below-header-display":"","ast-hfb-mobile-header-display":"","site-post-title":"disabled","ast-breadcrumbs-content":"","ast-featured-img":"disabled","footer-sml-layout":"","ast-disable-related-posts":"","theme-transparent-header-meta":"","adv-header-id-meta":"","stick-header-meta":"","header-above-stick-meta":"","header-main-stick-meta":"","header-below-stick-meta":"","astra-migrate-meta-layouts":"default","ast-page-background-enabled":"default","ast-page-background-meta":{"desktop":{"background-color":"var(--ast-global-color-4)","background-image":"","background-repeat":"repeat","background-position":"center center","background-size":"auto","background-attachment":"scroll","background-type":"","background-media":"","overlay-type":"","overlay-color":"","overlay-opacity":"","overlay-gradient":""},"tablet":{"background-color":"","background-image":"","background-repeat":"repeat","background-position":"center center","background-size":"auto","background-attachment":"scroll","background-type":"","background-media":"","overlay-type":"","overlay-color":"","overlay-opacity":"","overlay-gradient":""},"mobile":{"background-color":"","background-image":"","background-repeat":"repeat","background-position":"center center","background-size":"auto","background-attachment":"scroll","background-type":"","background-media":"","overlay-type":"","overlay-color":"","overlay-opacity":"","overlay-gradient":""}},"ast-content-background-meta":{"desktop":{"background-color":"var(--ast-global-color-5)","background-image":"","background-repeat":"repeat","background-position":"center center","background-size":"auto","background-attachment":"scroll","background-type":"","background-media":"","overlay-type":"","overlay-color":"","overlay-opacity":"","overlay-gradient":""},"tablet":{"background-color":"var(--ast-global-color-5)","background-image":"","background-repeat":"repeat","background-position":"center center","background-size":"auto","background-attachment":"scroll","background-type":"","background-media":"","overlay-type":"","overlay-color":"","overlay-opacity":"","overlay-gradient":""},"mobile":{"background-color":"var(--ast-global-color-5)","background-image":"","background-repeat":"repeat","background-position":"center center","background-size":"auto","background-attachment":"scroll","background-type":"","background-media":"","overlay-type":"","overlay-color":"","overlay-opacity":"","overlay-gradient":""}},"footnotes":""},"class_list":["post-85406","page","type-page","status-publish","hentry"],"_links":{"self":[{"href":"https:\/\/agencia.ecclesia.pt\/portal\/wp-json\/wp\/v2\/pages\/85406","targetHints":{"allow":["GET"]}}],"collection":[{"href":"https:\/\/agencia.ecclesia.pt\/portal\/wp-json\/wp\/v2\/pages"}],"about":[{"href":"https:\/\/agencia.ecclesia.pt\/portal\/wp-json\/wp\/v2\/types\/page"}],"author":[{"embeddable":true,"href":"https:\/\/agencia.ecclesia.pt\/portal\/wp-json\/wp\/v2\/users\/1"}],"replies":[{"embeddable":true,"href":"https:\/\/agencia.ecclesia.pt\/portal\/wp-json\/wp\/v2\/comments?post=85406"}],"version-history":[{"count":0,"href":"https:\/\/agencia.ecclesia.pt\/portal\/wp-json\/wp\/v2\/pages\/85406\/revisions"}],"wp:attachment":[{"href":"https:\/\/agencia.ecclesia.pt\/portal\/wp-json\/wp\/v2\/media?parent=85406"}],"curies":[{"name":"wp","href":"https:\/\/api.w.org\/{rel}","templated":true}]}}