{"id":440662,"date":"2026-09-05T10:00:54","date_gmt":"2026-09-05T09:00:54","guid":{"rendered":"https:\/\/agencia.ecclesia.pt\/portal\/?post_type=mec-events&#038;p=440662"},"modified":"2026-09-05T10:00:54","modified_gmt":"2026-09-05T09:00:54","slug":"braga-educacao-catequistas-debatem-impacto-da-inteligencia-artificial-na-transmissao-da-fe","status":"publish","type":"mec-events","link":"https:\/\/agencia.ecclesia.pt\/portal\/events\/braga-educacao-catequistas-debatem-impacto-da-inteligencia-artificial-na-transmissao-da-fe\/","title":{"rendered":"Braga\/Educa\u00e7\u00e3o: Catequistas debatem impacto da Intelig\u00eancia Artificial na transmiss\u00e3o da f\u00e9"},"content":{"rendered":"<p><!--more--><\/p>\n<p><img fetchpriority=\"high\" decoding=\"async\" class=\"alignnone wp-image-358500 size-full\" src=\"https:\/\/agencia.ecclesia.pt\/portal\/wp-content\/uploads\/2025\/01\/artificial-intelligence-3382507_1920.jpg\" alt=\"\" width=\"1920\" height=\"1280\" srcset=\"https:\/\/agencia.ecclesia.pt\/portal\/wp-content\/uploads\/2025\/01\/artificial-intelligence-3382507_1920.jpg 1920w, https:\/\/agencia.ecclesia.pt\/portal\/wp-content\/uploads\/2025\/01\/artificial-intelligence-3382507_1920-390x260.jpg 390w, https:\/\/agencia.ecclesia.pt\/portal\/wp-content\/uploads\/2025\/01\/artificial-intelligence-3382507_1920-1024x683.jpg 1024w, https:\/\/agencia.ecclesia.pt\/portal\/wp-content\/uploads\/2025\/01\/artificial-intelligence-3382507_1920-768x512.jpg 768w, https:\/\/agencia.ecclesia.pt\/portal\/wp-content\/uploads\/2025\/01\/artificial-intelligence-3382507_1920-391x260.jpg 391w, https:\/\/agencia.ecclesia.pt\/portal\/wp-content\/uploads\/2025\/01\/artificial-intelligence-3382507_1920-1536x1024.jpg 1536w\" sizes=\"(max-width: 1920px) 100vw, 1920px\" \/>Braga, 05 set 2026 (Ecclesia) \u2013 O Arciprestado de Braga vai reunir os catequistas da regi\u00e3o no pr\u00f3ximo dia 12 de setembro, no Audit\u00f3rio VITA, para debater os desafios da Intelig\u00eancia Artificial na miss\u00e3o de educar as novas gera\u00e7\u00f5es.<\/p>\n<p>&#8220;Num contexto em que as rela\u00e7\u00f5es humanas s\u00e3o cada vez mais mediadas pelo digital, o encontro prop\u00f5e uma reflex\u00e3o sobre a import\u00e2ncia de n\u00e3o confundir conex\u00e3o com comunh\u00e3o, valorizando a presen\u00e7a, a rela\u00e7\u00e3o pessoal, a escuta e o encontro como elementos fundamentais da miss\u00e3o catequ\u00e9tica&#8221;, explicaram os organizadores da iniciativa.<\/p>\n<p>A jornada formativa, subordinada ao tema \u2018Entre Rostos e Algoritmos: O Catequista na Era da IA\u2019, pretende ajudar os intervenientes a acolher as inova\u00e7\u00f5es sem perder o &#8220;encontro com cada pessoa e o an\u00fancio de Jesus Cristo&#8221;.<\/p>\n<p>O painel de reflex\u00e3o inicia-se com uma confer\u00eancia dedicada \u00e0s &#8220;novas linguagens e recursos digitais&#8221;, orientada para a adapta\u00e7\u00e3o das metodologias cat\u00f3licas ao novo panorama tecnol\u00f3gico.<\/p>\n<p>O programa prossegue abordando a urg\u00eancia pastoral de passar &#8220;\u00abDa Conex\u00e3o \u00e0 Comunh\u00e3o\u00bb&#8221;, dotando os educadores de ferramentas pr\u00e1ticas para o contacto humano com os mais jovens.<\/p>\n<p>A participa\u00e7\u00e3o neste evento arciprestal, que arranca \u00e0s 09h00 com o acolhimento e encerra-se pelas 12h20 com a ora\u00e7\u00e3o de envio, requer inscri\u00e7\u00e3o pr\u00e9via.<\/p>\n<p><em>OC<\/em><\/p>\n<p>&nbsp;<\/p>\n","protected":false},"excerpt":{"rendered":"","protected":false},"author":2,"featured_media":358500,"comment_status":"closed","ping_status":"closed","template":"","meta":{"site-sidebar-layout":"default","site-content-layout":"","ast-site-content-layout":"default","site-content-style":"default","site-sidebar-style":"default","ast-global-header-display":"","ast-banner-title-visibility":"","ast-main-header-display":"","ast-hfb-above-header-display":"","ast-hfb-below-header-display":"","ast-hfb-mobile-header-display":"","site-post-title":"","ast-breadcrumbs-content":"","ast-featured-img":"","footer-sml-layout":"","ast-disable-related-posts":"","theme-transparent-header-meta":"default","adv-header-id-meta":"","stick-header-meta":"default","header-above-stick-meta":"","header-main-stick-meta":"","header-below-stick-meta":"","astra-migrate-meta-layouts":"set","ast-page-background-enabled":"default","ast-page-background-meta":{"desktop":{"background-color":"var(--ast-global-color-4)","background-image":"","background-repeat":"repeat","background-position":"center center","background-size":"auto","background-attachment":"scroll","background-type":"","background-media":"","overlay-type":"","overlay-color":"","overlay-opacity":"","overlay-gradient":""},"tablet":{"background-color":"","background-image":"","background-repeat":"repeat","background-position":"center center","background-size":"auto","background-attachment":"scroll","background-type":"","background-media":"","overlay-type":"","overlay-color":"","overlay-opacity":"","overlay-gradient":""},"mobile":{"background-color":"","background-image":"","background-repeat":"repeat","background-position":"center center","background-size":"auto","background-attachment":"scroll","background-type":"","background-media":"","overlay-type":"","overlay-color":"","overlay-opacity":"","overlay-gradient":""}},"ast-content-background-meta":{"desktop":{"background-color":"var(--ast-global-color-5)","background-image":"","background-repeat":"repeat","background-position":"center center","background-size":"auto","background-attachment":"scroll","background-type":"","background-media":"","overlay-type":"","overlay-color":"","overlay-opacity":"","overlay-gradient":""},"tablet":{"background-color":"var(--ast-global-color-5)","background-image":"","background-repeat":"repeat","background-position":"center center","background-size":"auto","background-attachment":"scroll","background-type":"","background-media":"","overlay-type":"","overlay-color":"","overlay-opacity":"","overlay-gradient":""},"mobile":{"background-color":"var(--ast-global-color-5)","background-image":"","background-repeat":"repeat","background-position":"center center","background-size":"auto","background-attachment":"scroll","background-type":"","background-media":"","overlay-type":"","overlay-color":"","overlay-opacity":"","overlay-gradient":""}}},"tags":[172,916],"mec_category":[793,791],"class_list":["post-440662","mec-events","type-mec-events","status-publish","has-post-thumbnail","hentry","tag-diocese-de-braga","tag-inteligencia-artificial","mec_category-caixa2","mec_category-nacional"],"_links":{"self":[{"href":"https:\/\/agencia.ecclesia.pt\/portal\/wp-json\/wp\/v2\/mec-events\/440662","targetHints":{"allow":["GET"]}}],"collection":[{"href":"https:\/\/agencia.ecclesia.pt\/portal\/wp-json\/wp\/v2\/mec-events"}],"about":[{"href":"https:\/\/agencia.ecclesia.pt\/portal\/wp-json\/wp\/v2\/types\/mec-events"}],"author":[{"embeddable":true,"href":"https:\/\/agencia.ecclesia.pt\/portal\/wp-json\/wp\/v2\/users\/2"}],"replies":[{"embeddable":true,"href":"https:\/\/agencia.ecclesia.pt\/portal\/wp-json\/wp\/v2\/comments?post=440662"}],"wp:featuredmedia":[{"embeddable":true,"href":"https:\/\/agencia.ecclesia.pt\/portal\/wp-json\/wp\/v2\/media\/358500"}],"wp:attachment":[{"href":"https:\/\/agencia.ecclesia.pt\/portal\/wp-json\/wp\/v2\/media?parent=440662"}],"wp:term":[{"taxonomy":"post_tag","embeddable":true,"href":"https:\/\/agencia.ecclesia.pt\/portal\/wp-json\/wp\/v2\/tags?post=440662"},{"taxonomy":"mec_category","embeddable":true,"href":"https:\/\/agencia.ecclesia.pt\/portal\/wp-json\/wp\/v2\/mec_category?post=440662"}],"curies":[{"name":"wp","href":"https:\/\/api.w.org\/{rel}","templated":true}]}}